{"id":33,"date":"2016-09-01T09:40:13","date_gmt":"2016-09-01T08:40:13","guid":{"rendered":"http:\/\/xn--collectifenporte-pqb.com\/?page_id=33"},"modified":"2021-06-01T08:40:03","modified_gmt":"2021-06-01T07:40:03","slug":"bourgeois-tommy","status":"publish","type":"page","link":"https:\/\/xn--collectifenporte-pqb.com\/index.php\/25-2\/bourgeois-tommy\/","title":{"rendered":"Bourgeois Tommy"},"content":{"rendered":"<div class=\"eds-animate edsanimate-sis-hidden \" data-eds-entry-animation=\"slideInUp\" data-eds-entry-delay=\"0\" data-eds-entry-duration=\"1\" data-eds-entry-timing=\"linear\" data-eds-exit-animation=\"\" data-eds-exit-delay=\"\" data-eds-exit-duration=\"\" data-eds-exit-timing=\"\" data-eds-repeat-count=\"1\" data-eds-keep=\"yes\" data-eds-animate-on=\"load\" data-eds-scroll-offset=\"\">\n<p>Apr\u00e8s avoir obtenu le D.E.M de Formation Musicale au<a href=\"http:\/\/www.conservatoire.nantes.fr\/\"><br \/>\nConservatoire \u00e0 Rayonnement R\u00e9gional de\u00a0Nantes<\/a> en 2009, <strong>Tommy Bourgeois<\/strong> int\u00e8gre en 2010 le <a href=\"http:\/\/www.cnsmd-lyon.fr\/\">CNSMD de\u00a0Lyon<\/a> en classe d\u2019\u00e9criture\/composition.<\/p>\n<p><img loading=\"lazy\" decoding=\"async\" class=\"wp-image-521 alignright\" src=\"http:\/\/xn--collectifenporte-pqb.com\/wp-content\/uploads\/2019\/06\/DSC0708-2.jpg\" alt=\"\" width=\"252\" height=\"393\" \/><\/p>\n<p>Cette formation de 5 ans l&rsquo;am\u00e8ne \u00e0 \u00e9tudier diverses techniques d&rsquo;\u00e9criture et de composition . Il obtient son dipl\u00f4me en 2015 <a href=\"http:\/\/www.cnsmd-lyon.fr\/agenda\/recital-de-master-de-tommy-bourgeois-ecriture\">(cliquez sur ce Lien pour connaitre son programme du r\u00e9cital de Master)<\/a>.<\/p>\n<p>Fort de cela il r\u00e9alise de nombreux projets vari\u00e9s, notamment, en 2011, en collaboration avec <strong>Florent S\u00e9nia<\/strong>, il compose la musique d\u2019une pi\u00e8ce de th\u00e9\u00e2tre <a href=\"https:\/\/www.theatre-contemporain.net\/video\/Audition-Competition\"><em>Comp\u00e9tition<\/em><\/a> pour<a href=\"http:\/\/www.ensatt.fr\/\"> L\u2019ENSATT<\/a> et d\u00e9bute par la suite\u00a0une collaboration avec le <a href=\"http:\/\/www.magcentre.fr\/evenement\/le-quator-en-cuivres-aux-heures-musicales-dolivet\/\">Quatu\u2019Or en Cuivres<\/a>, groupe pour lequel il compose l&rsquo;ann\u00e9e suivante deux pi\u00e8ces (<em>Hey, Brown !!<\/em> et <em>Ballade au Minton&rsquo;s Playhouse<\/em>) et arrange trois pi\u00e8ces (<em>Harold en Italie<\/em> de Berlioz, <em>Menuet sur le nom d&rsquo;Haydn<\/em> de Ravel et le <em>Menuet<\/em> de la suite Bergamasque de Debussy).<\/p>\n<p>Egalement en 2012 dans le cadre de<a href=\"http:\/\/larmorcuivres.com\/\"> l&rsquo;Armor Cuivres<\/a>, il arrange des pi\u00e8ces pour ensemble de cuivres et <a href=\"https:\/\/fr.wikipedia.org\/wiki\/Bagad_de_Lann-Bihou%C3%A9\">Bagad de Lann Bihou\u00e9<\/a><b>. <\/b><\/p>\n<p>Il compose en octobre 2013 la musique du film <a href=\"https:\/\/vimeo.com\/83915528\"><em>Un ballon rouge<\/em><\/a> command\u00e9<b>\u00a0<\/b>par\u00a0la <a href=\"http:\/\/www.nantes.fr\/\">ville de Nantes<\/a> pour le festival : <a href=\"https:\/\/cemea-pdll.org\/Quinzaine-des-droits-de-l-enfant-3\">La quinzaine des droits de l\u2019enfant<\/a>.<\/p>\n<p>En \u00a0partenariat avec le <a href=\"http:\/\/www.cmbv.fr\/\">Centre de Musique Baroque de Versailles<\/a> il restaure l&rsquo;op\u00e9ra\u00a0<a href=\"http:\/\/www.cnsmd-lyon.fr\/fr-2\/la-saison-publique\/venus-feste-galante-au-chateau-de-versailles\"><em>V\u00e9nus, feste galante (1698)<\/em><\/a> de Campra qui est donn\u00e9 en concert dans la galerie des batailles du ch\u00e2teau de Versailles en 2015, soit 317 ans apr\u00e8s sa derni\u00e8re repr\u00e9sentation! Depuis toutes ces ann\u00e9es <strong>Tommy Bourgeois<\/strong> ne cesse de composer et d&rsquo;arranger seul ou en collaboration avec\u00a0<strong>Florent S\u00e9nia.\u00a0<\/strong><\/p>\n<p>En 2016, <a href=\"http:\/\/xn--collectifenporte-pqb.com\/index.php\/25-2\/collaboration-seniabourgeois\/\">en collaboration avec <strong>Florent S\u00e9nia<\/strong><\/a>, il arrange le <em>Tor\u00e9ador<\/em> d&rsquo;Adolphe Adam pour <a href=\"http:\/\/www.opera-rennes.com\/saison-2016-2017\/les-operas\/54-le-toreador.html\">l&rsquo;op\u00e9ra de Rennes<\/a>. Deux ans plus tard ils travaillent de nouveau pour l&rsquo;op\u00e9ra de Rennes et Angers Nantes Op\u00e9ra avec <a href=\"http:\/\/www.angers-nantes-opera.com\/accueil\/un-automne-avec-mozart\/les-aventures-de-papageno\">Les aventures de Papageno<\/a>, arrangement de la fl\u00fbte enchant\u00e9e de Mozart. En 2021, command\u00e9 de nouveau par Angers Nantes Op\u00e9ra, ils r\u00e9alisent une transcription du \u00ab\u00a0Barbier de S\u00e9ville\u00a0\u00bb de Rossini dans une version adapt\u00e9e aux familles, <a href=\"https:\/\/www.angers-nantes-opera.com\/la-programmation-2021\/operas\/les-fourberies-de-figaro\">\u00ab\u00a0Les Fourberies de Figaro\u00a0\u00bb<\/a>.<\/p>\n<p>Depuis 2018, <strong>Tommy Bourgeois<\/strong> est membre de la SACEM (<a href=\"https:\/\/repertoire.sacem.fr\/resultats?filters=parties&amp;query=bourgeois%20tommy#searchBtn\">cliquez ici pour acc\u00e9der au r\u00e9pertoire<\/a>).<\/p>\n<p>&nbsp;<\/p>\n<p><strong><a class=\"maxbutton-4 maxbutton maxbutton-decouvrir-bourgeois\" href=\"https:\/\/collectifenport\u00e9e.com\/index.php\/25-2\/bourgeois-tommy\/oeuvres-de-tommy-bourgeois\/\"><span class='mb-text'>D\u00e9couvrir ses oeuvres et projets<\/span><\/a><\/strong><\/p>\n<p>&nbsp;<\/p>\n<p><img loading=\"lazy\" decoding=\"async\" class=\"wp-image-205 alignright\" src=\"http:\/\/xn--collectifenporte-pqb.com\/wp-content\/uploads\/2016\/09\/Photo-brass-band-300x200.jpg\" alt=\"Photo brass band\" width=\"395\" height=\"264\" srcset=\"https:\/\/xn--collectifenporte-pqb.com\/wp-content\/uploads\/2016\/09\/Photo-brass-band-300x200.jpg 300w, https:\/\/xn--collectifenporte-pqb.com\/wp-content\/uploads\/2016\/09\/Photo-brass-band-600x400.jpg 600w, https:\/\/xn--collectifenporte-pqb.com\/wp-content\/uploads\/2016\/09\/Photo-brass-band-768x512.jpg 768w, https:\/\/xn--collectifenporte-pqb.com\/wp-content\/uploads\/2016\/09\/Photo-brass-band-1024x682.jpg 1024w, https:\/\/xn--collectifenporte-pqb.com\/wp-content\/uploads\/2016\/09\/Photo-brass-band-240x160.jpg 240w, https:\/\/xn--collectifenporte-pqb.com\/wp-content\/uploads\/2016\/09\/Photo-brass-band.jpg 1600w\" sizes=\"auto, (max-width: 395px) 100vw, 395px\" \/>Passionn\u00e9 \u00e9galement par la direction d\u2019ensemble, \u00a0il suit au <a href=\"http:\/\/www.cnsmd-lyon.fr\/\">CNSMD de Lyon<\/a> les cours de direction de ch\u0153ur d&rsquo;Emmanuel Robin et suite \u00e0 cela, il a l\u2019occasion de diriger durant ses \u00e9tudes,\u00a0<a href=\"http:\/\/ohf.free.fr\/\">l\u2019orchestre d\u2019harmonie de Sainte-Foy-l<b>\u00e8<\/b>s-Lyon<\/a>,\u00a0des ensembles vocaux du Nord-Is\u00e8re (<a href=\"http:\/\/www.chorales-ni.fr\/z-spip\/spip.php?article693\">Ensemble M\u00e9tamorphoses<\/a> et <a href=\"http:\/\/www.chorales-ni.fr\/z-spip\/spip.php?article750\">Soyez b\u00f4 les filles<\/a>) ainsi que le <a href=\"http:\/\/www.brassbanddelyon.fr\/\">Brass Band de Lyon<\/a> avec lequel il remporte en 2014 le titre de champion de France de 1\u00e8re division \u00e0 Yvetot.<\/p>\n<p>Il dirige actuellement l&rsquo;ensemble <a href=\"https:\/\/ostinatosempre.wixsite.com\/ostinato-sempre\">Ostinato Sempre.<\/a><\/p>\n<p>Avide d&rsquo;enseigner, <strong>Tommy Bourgeois<\/strong> int\u00e8gre en 2015 le CRD de Mans puis L&rsquo;EMD de Vertou o\u00f9 il s&rsquo;occupe aujourd&rsquo;hui des cours de Formation Musicale, d&rsquo;\u00e9criture et dirige les ensembles \u00e0 vents de l&rsquo;\u00e9cole.<\/p>\n<p>Voici des petites analyses\u00a0 musicales qu&rsquo;il r\u00e9alise pour ses \u00e9l\u00e8ves de second cycle.<\/p>\n<a class=\"maxbutton-9 maxbutton maxbutton-analyses\" href=\"https:\/\/collectifenport\u00e9e.com\/index.php\/25-2\/bourgeois-tommy\/analyses-en-video\/\"><span class='mb-text'>Analyses en Vid\u00e9o<\/span><\/a>\n<p>&nbsp;<\/p>\n<p><img loading=\"lazy\" decoding=\"async\" class=\"alignnone wp-image-822\" src=\"http:\/\/xn--collectifenporte-pqb.com\/wp-content\/uploads\/2020\/03\/80054959_2688364141256288_2107686120258011136_o.jpg\" alt=\"\" width=\"325\" height=\"325\" srcset=\"https:\/\/xn--collectifenporte-pqb.com\/wp-content\/uploads\/2020\/03\/80054959_2688364141256288_2107686120258011136_o.jpg 1080w, https:\/\/xn--collectifenporte-pqb.com\/wp-content\/uploads\/2020\/03\/80054959_2688364141256288_2107686120258011136_o-300x300.jpg 300w, https:\/\/xn--collectifenporte-pqb.com\/wp-content\/uploads\/2020\/03\/80054959_2688364141256288_2107686120258011136_o-1024x1024.jpg 1024w, https:\/\/xn--collectifenporte-pqb.com\/wp-content\/uploads\/2020\/03\/80054959_2688364141256288_2107686120258011136_o-150x150.jpg 150w, https:\/\/xn--collectifenporte-pqb.com\/wp-content\/uploads\/2020\/03\/80054959_2688364141256288_2107686120258011136_o-768x768.jpg 768w, https:\/\/xn--collectifenporte-pqb.com\/wp-content\/uploads\/2020\/03\/80054959_2688364141256288_2107686120258011136_o-600x600.jpg 600w, https:\/\/xn--collectifenporte-pqb.com\/wp-content\/uploads\/2020\/03\/80054959_2688364141256288_2107686120258011136_o-160x160.jpg 160w, https:\/\/xn--collectifenporte-pqb.com\/wp-content\/uploads\/2020\/03\/80054959_2688364141256288_2107686120258011136_o-100x100.jpg 100w\" sizes=\"auto, (max-width: 325px) 100vw, 325px\" \/><\/p>\n<p style=\"text-align: left;\"><strong><a class=\"maxbutton-11 maxbutton maxbutton-revue-de-presse\" title=\"Revue de Presse\" href=\"https:\/\/collectifenport\u00e9e.com\/index.php\/25-2\/bourgeois-tommy\/revue-de-presse\/\"><span class='mb-text'>Revue de Presse<\/span><\/a><\/strong><\/p>\n<p style=\"text-align: right;\"><strong>\u00a0<\/strong><\/p>\n<\/div>\n<p>&nbsp;<\/p>\n<div style=\"padding-bottom:20px; padding-top:10px;\" class=\"hupso-share-buttons\"><!-- Hupso Share Buttons - https:\/\/www.hupso.com\/share\/ --><a class=\"hupso_toolbar\" href=\"https:\/\/www.hupso.com\/share\/\"><img decoding=\"async\" src=\"https:\/\/static.hupso.com\/share\/buttons\/lang\/fr\/share-medium.png\" style=\"border:0px; padding-top: 5px; float:left;\" alt=\"Share Button\"\/><\/a><script type=\"text\/javascript\">var hupso_services_t=new Array(\"Twitter\",\"Facebook\",\"Pinterest\",\"Linkedin\",\"Tumblr\",\"Email\");var hupso_background_t=\"#EAF4FF\";var hupso_border_t=\"#66CCFF\";var hupso_toolbar_size_t=\"medium\";var hupso_image_folder_url = \"\";var hupso_url_t=\"\";var hupso_title_t=\"Bourgeois%20Tommy\";<\/script><script type=\"text\/javascript\" src=\"https:\/\/static.hupso.com\/share\/js\/share_toolbar.js\"><\/script><!-- Hupso Share Buttons --><\/div>","protected":false},"excerpt":{"rendered":"<p>Apr\u00e8s avoir obtenu le D.E.M de Formation Musicale au Conservatoire \u00e0 Rayonnement R\u00e9gional de\u00a0Nantes en 2009, Tommy Bourgeois int\u00e8gre en 2010 le CNSMD de\u00a0Lyon en classe d\u2019\u00e9criture\/composition. Cette formation de 5 ans l&rsquo;am\u00e8ne \u00e0 \u00e9tudier diverses techniques d&rsquo;\u00e9criture et de composition . Il obtient son dipl\u00f4me en 2015 (cliquez sur ce Lien pour connaitre son &#8230; <a title=\"Bourgeois Tommy\" class=\"read-more\" href=\"https:\/\/xn--collectifenporte-pqb.com\/index.php\/25-2\/bourgeois-tommy\/\" aria-label=\"En savoir plus sur Bourgeois Tommy\">Lire la suite<\/a><\/p>\n<div style=\"padding-bottom:20px; padding-top:10px;\" class=\"hupso-share-buttons\"><!-- Hupso Share Buttons - https:\/\/www.hupso.com\/share\/ --><a class=\"hupso_toolbar\" href=\"https:\/\/www.hupso.com\/share\/\"><img src=\"https:\/\/static.hupso.com\/share\/buttons\/lang\/fr\/share-medium.png\" style=\"border:0px; padding-top: 5px; float:left;\" alt=\"Share Button\"\/><\/a><script type=\"text\/javascript\">var hupso_services_t=new Array(\"Twitter\",\"Facebook\",\"Pinterest\",\"Linkedin\",\"Tumblr\",\"Email\");var hupso_background_t=\"#EAF4FF\";var hupso_border_t=\"#66CCFF\";var hupso_toolbar_size_t=\"medium\";var hupso_image_folder_url = \"\";var hupso_url_t=\"\";var hupso_title_t=\"Bourgeois%20Tommy\";<\/script><script type=\"text\/javascript\" src=\"https:\/\/static.hupso.com\/share\/js\/share_toolbar.js\"><\/script><!-- Hupso Share Buttons --><\/div>","protected":false},"author":1,"featured_media":0,"parent":25,"menu_order":0,"comment_status":"closed","ping_status":"closed","template":"","meta":{"advgb_blocks_editor_width":"","advgb_blocks_columns_visual_guide":"","footnotes":""},"class_list":["post-33","page","type-page","status-publish"],"coauthors":[],"author_meta":{"author_link":"https:\/\/xn--collectifenporte-pqb.com\/index.php\/author\/admin1862\/","display_name":"admin1862"},"relative_dates":{"created":"Publi\u00e9 10 ans il y a","modified":"Mis \u00e0 jour 5 ans il y a"},"absolute_dates":{"created":"Publi\u00e9 le 1 septembre 2016","modified":"Mise \u00e0 jour le 1 juin 2021"},"absolute_dates_time":{"created":"Publi\u00e9 le 1 septembre 2016 9 h 40 min","modified":"Mise \u00e0 jour le 1 juin 2021 8 h 40 min"},"featured_img_caption":"","featured_img":false,"series_order":"","jetpack_sharing_enabled":true,"_links":{"self":[{"href":"https:\/\/xn--collectifenporte-pqb.com\/index.php\/wp-json\/wp\/v2\/pages\/33","targetHints":{"allow":["GET"]}}],"collection":[{"href":"https:\/\/xn--collectifenporte-pqb.com\/index.php\/wp-json\/wp\/v2\/pages"}],"about":[{"href":"https:\/\/xn--collectifenporte-pqb.com\/index.php\/wp-json\/wp\/v2\/types\/page"}],"author":[{"embeddable":true,"href":"https:\/\/xn--collectifenporte-pqb.com\/index.php\/wp-json\/wp\/v2\/users\/1"}],"replies":[{"embeddable":true,"href":"https:\/\/xn--collectifenporte-pqb.com\/index.php\/wp-json\/wp\/v2\/comments?post=33"}],"version-history":[{"count":44,"href":"https:\/\/xn--collectifenporte-pqb.com\/index.php\/wp-json\/wp\/v2\/pages\/33\/revisions"}],"predecessor-version":[{"id":1286,"href":"https:\/\/xn--collectifenporte-pqb.com\/index.php\/wp-json\/wp\/v2\/pages\/33\/revisions\/1286"}],"up":[{"embeddable":true,"href":"https:\/\/xn--collectifenporte-pqb.com\/index.php\/wp-json\/wp\/v2\/pages\/25"}],"wp:attachment":[{"href":"https:\/\/xn--collectifenporte-pqb.com\/index.php\/wp-json\/wp\/v2\/media?parent=33"}],"curies":[{"name":"wp","href":"https:\/\/api.w.org\/{rel}","templated":true}]}}