{"id":1237,"date":"2021-05-28T08:38:58","date_gmt":"2021-05-28T07:38:58","guid":{"rendered":"https:\/\/xn--collectifenporte-pqb.com\/?page_id=1237"},"modified":"2025-03-07T15:11:30","modified_gmt":"2025-03-07T14:11:30","slug":"blog","status":"publish","type":"page","link":"https:\/\/xn--collectifenporte-pqb.com\/index.php\/blog\/","title":{"rendered":"Blog"},"content":{"rendered":"<div class=\"eds-animate edsanimate-sis-hidden \" data-eds-entry-animation=\"bounceInUp\" data-eds-entry-delay=\"0\" data-eds-entry-duration=\"1.5\" data-eds-entry-timing=\"linear\" data-eds-exit-animation=\"\" data-eds-exit-delay=\"\" data-eds-exit-duration=\"\" data-eds-exit-timing=\"\" data-eds-repeat-count=\"1\" data-eds-keep=\"yes\" data-eds-animate-on=\"load\" data-eds-scroll-offset=\"\">\n<p>&nbsp;<\/p>\n<div class=\"vlp-link-container vlp-layout-basic\"><a href=\"https:\/\/www.ouest-france.fr\/pays-de-la-loire\/reze-44400\/soixante-eleves-musiciens-joueront-samedi-matin-a-la-folle-journee-34bc9566-da60-11ef-a27b-e53c4e5a380e\" class=\"vlp-link\" title=\"Soixante \u00e9l\u00e8ves musiciens joueront samedi matin \u00e0 la Folle journ\u00e9e\" rel=\"nofollow\" target=\"_blank\"><\/a><div class=\"vlp-layout-zone-side\"><div class=\"vlp-block-2 vlp-link-image\"><img decoding=\"async\" src=\"https:\/\/media.ouest-france.fr\/v1\/pictures\/MjAyNTAxZjk1NjIxMjlhM2M5ZTI3YjdkZmY1ZGQ5ZWEyNjk0MzA?width=1260&amp;height=708&amp;focuspoint=50%2C25&amp;cropresize=1&amp;client_id=bpeditorial&amp;sign=10f3c6af6b3d475d85a360708d5f2b184ce401a51bc593230c21a66dfe6cd508\" style=\"max-width: 150px; max-height: 150px\" \/><\/div><\/div><div class=\"vlp-layout-zone-main\"><div class=\"vlp-block-0 vlp-link-title\">Soixante \u00e9l\u00e8ves musiciens joueront samedi matin \u00e0 la Folle journ\u00e9e<\/div><div class=\"vlp-block-1 vlp-link-summary\">Quinze \u00e9coles associatives et municipales de la m\u00e9tropole ont form\u00e9 un orchestre m\u00e9tropolitain. Apr\u00e8s un concert donn\u00e9 au conservatoire national de musique de Nantes, les jeunes musiciens sont pr\u00eats pour leur prestation \u00e0 la Folle journ\u00e9e, samedi 1er\u00a0f\u00e9vrier, \u00e0 11\u00a0h.<\/div><\/div><\/div>\n<p>&nbsp;<\/p>\n<div class=\"vlp-link-container vlp-layout-basic\"><a href=\"https:\/\/www.ouest-france.fr\/pays-de-la-loire\/vertou-44120\/des-eleves-de-lecole-de-musique-de-vertou-se-produiront-a-la-folle-journee-9984bb70-da4e-11ef-a27b-e53c4e5a380e\" class=\"vlp-link\" title=\"Des \u00e9l\u00e8ves de l\u2019\u00e9cole de musique de Vertou se produiront \u00e0 la Folle journ\u00e9e\" rel=\"nofollow\" target=\"_blank\"><\/a><div class=\"vlp-layout-zone-side\"><div class=\"vlp-block-2 vlp-link-image\"><img decoding=\"async\" src=\"https:\/\/media.ouest-france.fr\/v1\/pictures\/MjAyNTAxNjg0MjZjNzUxODM4YTNiMzc0ODFhYTc2ZDEyZjNmM2I?width=1260&amp;height=708&amp;focuspoint=50%2C25&amp;cropresize=1&amp;client_id=bpeditorial&amp;sign=bfe72a29424c9b64aaf746acf7a33597f5b2750fea5f95558f164c02e86a0884\" style=\"max-width: 150px; max-height: 150px\" \/><\/div><\/div><div class=\"vlp-layout-zone-main\"><div class=\"vlp-block-0 vlp-link-title\">Des \u00e9l\u00e8ves de l\u2019\u00e9cole de musique de Vertou se produiront \u00e0 la Folle journ\u00e9e<\/div><div class=\"vlp-block-1 vlp-link-summary\">Quinze\u00a0\u00e9coles de musique de la m\u00e9tropole nantaise ont cr\u00e9\u00e9 un groupe instrumental, lequel compte cinq\u00a0\u00e9l\u00e8ves de l\u2019\u00e9cole de musique et de danse de Vertou. L\u2019ensemble se produira au kiosque de la Folle journ\u00e9e, samedi 1er\u00a0f\u00e9vrier. Il interpr\u00e9tera six morceaux.<\/div><\/div><\/div>\n<p>&nbsp;<\/p>\n<div class=\"vlp-link-container vlp-layout-basic\"><a href=\"https:\/\/7ludj.r.ah.d.sendibm4.com\/mk\/mr\/8cfQDKceI7w0A7kp3nPf9RyAXxIeTnLwKvc6FTC79tP4zQvdzDDAsPh2rDAhE0squt20Op0N-r6AewSmHRVxzkEGeiqXdsdJxgZKDRTRdW0g-drNAQa7JXnj6v8FbmTE38UIHA\" class=\"vlp-link\" title=\"Lettre d\u2019information n\u00b02 Les Amis de Maurice Ohana\" rel=\"nofollow\" target=\"_blank\"><\/a><div class=\"vlp-layout-zone-side\"><div class=\"vlp-block-2 vlp-link-image\"><img decoding=\"async\" src=\"https:\/\/img-cache.net\/im\/4341947\/f837e5614442220a7b27ed66c087c09a7dce621e9cfb56d338a85dc4d2e02f3d.gif?e=w0CR7VQW88CHBMmzinBeE0cfTHDCC1Mk5WW24S1dnx90v2uJja1jPA4a81QLqpxL-pIbTrcVTzoQA7qXPV3_7BdAh5sSC3P1oeMHbkdTS6i7Olo9coEy9-dLvvJE-Tbhydr7R1TZLF9yA5h10yQXmkhUb4F9Fyrr5pftbJp-HdSVwhA8IGBDs6efapPeo7txnEzjTzJE-BomEiDNbyqdOT7el7nnHrLfy-pm\" style=\"max-width: 150px; max-height: 150px\" \/><\/div><\/div><div class=\"vlp-layout-zone-main\"><div class=\"vlp-block-0 vlp-link-title\">Lettre d\u2019information n\u00b02 Les Amis de Maurice Ohana<\/div><div class=\"vlp-block-1 vlp-link-summary\">A propos du travail de Tommy Bourgeois sur la reconstruction de la partition des \"Dents du singe\". <\/div><\/div><\/div>\n<p>&nbsp;<\/p>\n<div class=\"vlp-link-container vlp-layout-basic\"><a href=\"https:\/\/www.youtube.com\/watch?v=AKIhIOGE36I\" class=\"vlp-link\" title=\"La partition des dents du singe\" rel=\"nofollow\" target=\"_blank\"><\/a><div class=\"vlp-layout-zone-side\"><div class=\"vlp-block-2 vlp-link-image\"><img decoding=\"async\" src=\"https:\/\/img.youtube.com\/vi\/AKIhIOGE36I\/maxresdefault.jpg\" style=\"max-width: 150px; max-height: 150px\" \/><\/div><\/div><div class=\"vlp-layout-zone-main\"><div class=\"vlp-block-0 vlp-link-title\">La partition des dents du singe<\/div><div class=\"vlp-block-1 vlp-link-summary\">Apr\u00e8s un repiquage r\u00e9alis\u00e9 par Tommy Bourgeois, cette partition d'Ohana va pouvoir revivre lors d'un concert \u00e0 l'op\u00e9ra Graslin en Mars prochain. https:\/\/www.angers-nantes-opera.com\/la-programmation-2022\/hommage-a-luis-de-pablo-et-maurice-ohana<\/div><\/div><\/div>\n<p>&nbsp;<\/p>\n<div class=\"vlp-link-container vlp-layout-basic\"><div class=\"vlp-layout-zone-side\"><div class=\"vlp-block-2 vlp-link-image\"><img loading=\"lazy\" decoding=\"async\" style=\"max-width: 150px;\" width=\"150\" height=\"150\" src=\"https:\/\/xn--collectifenporte-pqb.com\/wp-content\/uploads\/2021\/12\/Unknown.jpeg\" class=\"attachment-150x999 size-150x999\" alt=\"\" srcset=\"https:\/\/xn--collectifenporte-pqb.com\/wp-content\/uploads\/2021\/12\/Unknown.jpeg 225w, https:\/\/xn--collectifenporte-pqb.com\/wp-content\/uploads\/2021\/12\/Unknown-150x150.jpeg 150w, https:\/\/xn--collectifenporte-pqb.com\/wp-content\/uploads\/2021\/12\/Unknown-160x160.jpeg 160w, https:\/\/xn--collectifenporte-pqb.com\/wp-content\/uploads\/2021\/12\/Unknown-100x100.jpeg 100w\" sizes=\"auto, (max-width: 150px) 100vw, 150px\" \/><\/div><\/div><div class=\"vlp-layout-zone-main\"><div class=\"vlp-block-0 vlp-link-title\">Nouveau projet ! Autour du cin\u00e9ma<\/div><div class=\"vlp-block-1 vlp-link-summary\">Le Collectif en port\u00e9e travaille en ce moment sur la reconstruction de la partition de Maurice Ohana des \"dents du singe\" pour un cin\u00e9-concert le 10 Mars prochain lors du festival du cin\u00e9ma espagnol \u00e0 Nantes.... Les oreilles sont mises \u00e0 rude \u00e9preuve !<\/div><\/div><\/div>\n<p>&nbsp;<\/p>\n<div class=\"vlp-link-container vlp-layout-basic\"><a href=\"https:\/\/soundcloud.com\/user-717794524\/extrait-3-pieces-poulenc-arrangement-flo\" class=\"vlp-link\" title=\"Extrait 3 Pi\u00e8ces de F.Poulenc arrang\u00e9es par Florent S\u00e9nia\" rel=\"nofollow\" target=\"_blank\"><\/a><div class=\"vlp-layout-zone-side\"><div class=\"vlp-block-2 vlp-link-image\"><img decoding=\"async\" src=\"https:\/\/i1.sndcdn.com\/artworks-Vq2Chl3iNpwaEnrz-V423YA-t500x500.jpg\" style=\"max-width: 150px; max-height: 150px\" \/><\/div><\/div><div class=\"vlp-layout-zone-main\"><div class=\"vlp-block-0 vlp-link-title\">Extrait 3 Pi\u00e8ces de F.Poulenc arrang\u00e9es par Florent S\u00e9nia<\/div><div class=\"vlp-block-1 vlp-link-summary\">Dans l'esprit du quintette \u00e0 vent fran\u00e7ais, Florent S\u00e9nia vous propose ici 3 pi\u00e8ces pour cette formation, avec des arrangements r\u00e9alis\u00e9s sur des oeuvres pour piano de Francis Poulenc.<br \/>\n<\/div><\/div><\/div>\n<p>&nbsp;<\/p>\n<div class=\"vlp-link-container vlp-layout-compact\"><a href=\"https:\/\/www.linkedin.com\/feed\/update\/urn:li:activity:6859876184147156992\" class=\"vlp-link\" title=\"Collectif en Port\u00e9e on LinkedIn: On dit que le Malambo a \u00e9t\u00e9 cr\u00e9\u00e9 par des esclaves p\u00e9ruviens au 17e\" rel=\"nofollow\" target=\"_blank\"><\/a><div class=\"vlp-layout-zone-side\"><div class=\"vlp-block-2 vlp-link-image\"><img decoding=\"async\" src=\"https:\/\/static-exp1.licdn.com\/sc\/h\/c45fy346jw096z9pbphyyhdz7\" style=\"max-width: 100px; max-height: 100px\" \/><\/div><\/div><div class=\"vlp-layout-zone-main\"><div class=\"vlp-block-0 vlp-link-title\">Collectif en Port\u00e9e on LinkedIn: On dit que le Malambo a \u00e9t\u00e9 cr\u00e9\u00e9 par des esclaves p\u00e9ruviens au 17e<\/div><div class=\"vlp-block-1 vlp-link-summary\">On dit que le Malambo a \u00e9t\u00e9 cr\u00e9\u00e9 par des esclaves p\u00e9ruviens au 17e si\u00e8cle avant d\u2019\u00eatre adopt\u00e9 par les cowboys argentins.... D\u2019ailleurs, de l\u2019Argentine,... <\/div><\/div><\/div>\n<p>&nbsp;<\/p>\n<div class=\"vlp-link-container vlp-layout-basic\"><a href=\"https:\/\/www.facebook.com\/LesComptinesdeLutece\" class=\"vlp-link\" title=\"Nous \u00e9crivons pour &quot;Les Comptines de Lut\u00e8ce&quot;\" rel=\"nofollow\" target=\"_blank\"><\/a><div class=\"vlp-layout-zone-side\"><div class=\"vlp-block-2 vlp-link-image\"><img loading=\"lazy\" decoding=\"async\" style=\"max-width: 150px;\" width=\"150\" height=\"114\" src=\"https:\/\/xn--collectifenporte-pqb.com\/wp-content\/uploads\/2021\/06\/126720998_100372718578242_8343188964548066137_n.jpg\" class=\"attachment-150x999 size-150x999\" alt=\"\" srcset=\"https:\/\/xn--collectifenporte-pqb.com\/wp-content\/uploads\/2021\/06\/126720998_100372718578242_8343188964548066137_n.jpg 960w, https:\/\/xn--collectifenporte-pqb.com\/wp-content\/uploads\/2021\/06\/126720998_100372718578242_8343188964548066137_n-300x228.jpg 300w, https:\/\/xn--collectifenporte-pqb.com\/wp-content\/uploads\/2021\/06\/126720998_100372718578242_8343188964548066137_n-768x583.jpg 768w, https:\/\/xn--collectifenporte-pqb.com\/wp-content\/uploads\/2021\/06\/126720998_100372718578242_8343188964548066137_n-600x456.jpg 600w, https:\/\/xn--collectifenporte-pqb.com\/wp-content\/uploads\/2021\/06\/126720998_100372718578242_8343188964548066137_n-211x160.jpg 211w\" sizes=\"auto, (max-width: 150px) 100vw, 150px\" \/><\/div><\/div><div class=\"vlp-layout-zone-main\"><div class=\"vlp-block-0 vlp-link-title\">Nous \u00e9crivons pour \"Les Comptines de Lut\u00e8ce\"<\/div><div class=\"vlp-block-1 vlp-link-summary\">Les comptines de Lut\u00e8ce, c'est un projet artistique et p\u00e9dagogique, qui propose aux tr\u00e8s jeunes enfants un univers musical de qualit\u00e9, d\u00e9velopp\u00e9 autour des comptines traditionnelles. Venez \u00e9couter, rire et chanter avec nous!<br \/>\n<\/div><\/div><\/div>\n<p>&nbsp;<\/p>\n<div class=\"vlp-link-container vlp-layout-basic\"><a href=\"https:\/\/collectifenport\u00e9e.com\/index.php\/produit\/el-pano-moruno\/\" class=\"vlp-link\" title=\"El pano moruno \u2013 Collectif en port\u00e9e\" rel=\"nofollow\" target=\"_blank\"><\/a><div class=\"vlp-layout-zone-main\"><div class=\"vlp-block-0 vlp-link-title\">El pano moruno \u2013 Collectif en port\u00e9e<\/div><div class=\"vlp-block-1 vlp-link-summary\">Arrangement pour grand ensemble et voix r\u00e9alis\u00e9 en 2013 <br \/>\nau CNSMD de Lyon en classe d'orchestration. <br \/>\nhttps:\/\/soundcloud.com\/tommy-bourgeois-659104356\/el-pano-moruno<br \/>\n<\/div><\/div><\/div>\n<p>&nbsp;<\/p>\n<div class=\"vlp-link-container vlp-template-default \">\n\t<a href=\"https:\/\/collectifenport\u00e9e.com\/index.php\/produit\/golliwogs-cakewalk-debussy\/\" class=\"vlp-link\" title=\"Golliwog\u2019s cakewalk Debussy \u2013 Collectif en port\u00e9e\" rel=\"nofollow\" target=\"_blank\"><\/a>\t\t<div class=\"vlp-link-image-container\">\n\t\t<div class=\"vlp-link-image\">\n\t\t\t<img decoding=\"async\" src=\"https:\/\/xn--collectifenporte-pqb.com\/wp-content\/uploads\/2020\/04\/Couv-Golliwoggs-212x300.jpg\" style=\"max-width: 150px; max-height: 150px\" \/>\t\t<\/div>\n\t<\/div>\n\t\t<div class=\"vlp-link-text-container\">\n\t\t\t\t<div class=\"vlp-link-title\">\n\t\t\tGolliwog\u2019s cakewalk Debussy \u2013 Collectif en port\u00e9e\t\t<\/div>\n\t\t\t\t\t\t<div class=\"vlp-link-summary\">\n\t\t\tCet arrangement a \u00e9t\u00e9 r\u00e9alis\u00e9 en 2014 \u00e0 la demande d'Alexandra Luiceanu et la Fondation Banque populaire. Il reprend le tr\u00e8s c\u00e9l\u00e8bre \"Golliwogg's cakewalk\" de Debussy et le transforme pour Harpe et Quatuor de Saxophones. <br \/>\n<div style=\"padding-bottom:20px; padding-top:10px;\" class=\"hupso-share-buttons\"><!-- Hupso Share Buttons - https:\/\/www.hupso.com\/share\/ --><a class=\"hupso_toolbar\" href=\"https:\/\/www.hupso.com\/share\/\"><img decoding=\"async\" src=\"https:\/\/static.hupso.com\/share\/buttons\/lang\/fr\/share-medium.png\" style=\"border:0px; padding-top: 5px; float:left;\" alt=\"Share Button\"\/><\/a><script type=\"text\/javascript\">var hupso_services_t=new Array(\"Twitter\",\"Facebook\",\"Pinterest\",\"Linkedin\",\"Tumblr\",\"Email\");var hupso_background_t=\"#EAF4FF\";var hupso_border_t=\"#66CCFF\";var hupso_toolbar_size_t=\"medium\";var hupso_image_folder_url = \"\";var hupso_url_t=\"https:\/\/xn--collectifenporte-pqb.com\/index.php\/blog\/\";var hupso_title_t=\"Blog\";<\/script><script type=\"text\/javascript\" src=\"https:\/\/static.hupso.com\/share\/js\/share_toolbar.js\"><\/script><!-- Hupso Share Buttons --><\/div><br \/>\nhttps:\/\/www.fondationbanquepopulaire.fr\/la-fondation\/musique\/\t\t<\/div>\n\t\t\t<\/div>\n<\/div>\n\n<\/div>\n<div style=\"padding-bottom:20px; padding-top:10px;\" class=\"hupso-share-buttons\"><!-- Hupso Share Buttons - https:\/\/www.hupso.com\/share\/ --><a class=\"hupso_toolbar\" href=\"https:\/\/www.hupso.com\/share\/\"><img decoding=\"async\" src=\"https:\/\/static.hupso.com\/share\/buttons\/lang\/fr\/share-medium.png\" style=\"border:0px; padding-top: 5px; float:left;\" alt=\"Share Button\"\/><\/a><script type=\"text\/javascript\">var hupso_services_t=new Array(\"Twitter\",\"Facebook\",\"Pinterest\",\"Linkedin\",\"Tumblr\",\"Email\");var hupso_background_t=\"#EAF4FF\";var hupso_border_t=\"#66CCFF\";var hupso_toolbar_size_t=\"medium\";var hupso_image_folder_url = \"\";var hupso_url_t=\"\";var hupso_title_t=\"Blog\";<\/script><script type=\"text\/javascript\" src=\"https:\/\/static.hupso.com\/share\/js\/share_toolbar.js\"><\/script><!-- Hupso Share Buttons --><\/div>","protected":false},"excerpt":{"rendered":"<p>&nbsp; &nbsp; &nbsp; &nbsp; &nbsp; &nbsp; &nbsp; &nbsp; &nbsp; &nbsp;<\/p>\n<div style=\"padding-bottom:20px; padding-top:10px;\" class=\"hupso-share-buttons\"><!-- Hupso Share Buttons - https:\/\/www.hupso.com\/share\/ --><a class=\"hupso_toolbar\" href=\"https:\/\/www.hupso.com\/share\/\"><img src=\"https:\/\/static.hupso.com\/share\/buttons\/lang\/fr\/share-medium.png\" style=\"border:0px; padding-top: 5px; float:left;\" alt=\"Share Button\"\/><\/a><script type=\"text\/javascript\">var hupso_services_t=new Array(\"Twitter\",\"Facebook\",\"Pinterest\",\"Linkedin\",\"Tumblr\",\"Email\");var hupso_background_t=\"#EAF4FF\";var hupso_border_t=\"#66CCFF\";var hupso_toolbar_size_t=\"medium\";var hupso_image_folder_url = \"\";var hupso_url_t=\"\";var hupso_title_t=\"Blog\";<\/script><script type=\"text\/javascript\" src=\"https:\/\/static.hupso.com\/share\/js\/share_toolbar.js\"><\/script><!-- Hupso Share Buttons --><\/div>","protected":false},"author":1,"featured_media":0,"parent":0,"menu_order":0,"comment_status":"closed","ping_status":"closed","template":"","meta":{"advgb_blocks_editor_width":"","advgb_blocks_columns_visual_guide":"","footnotes":""},"class_list":["post-1237","page","type-page","status-publish"],"coauthors":[],"author_meta":{"author_link":"https:\/\/xn--collectifenporte-pqb.com\/index.php\/author\/admin1862\/","display_name":"admin1862"},"relative_dates":{"created":"Publi\u00e9 5 ans il y a","modified":"Mis \u00e0 jour 1 an il y a"},"absolute_dates":{"created":"Publi\u00e9 le 28 mai 2021","modified":"Mise \u00e0 jour le 7 mars 2025"},"absolute_dates_time":{"created":"Publi\u00e9 le 28 mai 2021 8 h 38 min","modified":"Mise \u00e0 jour le 7 mars 2025 15 h 11 min"},"featured_img_caption":"","featured_img":false,"series_order":"","jetpack_sharing_enabled":true,"_links":{"self":[{"href":"https:\/\/xn--collectifenporte-pqb.com\/index.php\/wp-json\/wp\/v2\/pages\/1237","targetHints":{"allow":["GET"]}}],"collection":[{"href":"https:\/\/xn--collectifenporte-pqb.com\/index.php\/wp-json\/wp\/v2\/pages"}],"about":[{"href":"https:\/\/xn--collectifenporte-pqb.com\/index.php\/wp-json\/wp\/v2\/types\/page"}],"author":[{"embeddable":true,"href":"https:\/\/xn--collectifenporte-pqb.com\/index.php\/wp-json\/wp\/v2\/users\/1"}],"replies":[{"embeddable":true,"href":"https:\/\/xn--collectifenporte-pqb.com\/index.php\/wp-json\/wp\/v2\/comments?post=1237"}],"version-history":[{"count":26,"href":"https:\/\/xn--collectifenporte-pqb.com\/index.php\/wp-json\/wp\/v2\/pages\/1237\/revisions"}],"predecessor-version":[{"id":1468,"href":"https:\/\/xn--collectifenporte-pqb.com\/index.php\/wp-json\/wp\/v2\/pages\/1237\/revisions\/1468"}],"wp:attachment":[{"href":"https:\/\/xn--collectifenporte-pqb.com\/index.php\/wp-json\/wp\/v2\/media?parent=1237"}],"curies":[{"name":"wp","href":"https:\/\/api.w.org\/{rel}","templated":true}]}}